{"id":882,"date":"2022-11-30T09:19:36","date_gmt":"2022-11-30T09:19:36","guid":{"rendered":"https:\/\/novo.aeermesinde.net\/wp\/?page_id=882"},"modified":"2025-03-26T10:19:02","modified_gmt":"2025-03-26T10:19:02","slug":"pre-escolar","status":"publish","type":"page","link":"https:\/\/novo.aeermesinde.net\/wp\/pre-escolar\/","title":{"rendered":"Pr\u00e9-Escolar"},"content":{"rendered":"\n<p><\/p>\n\n\n\n<figure class=\"wp-block-table has-small-font-size\"><table><tbody><tr><td><strong>Matr\u00edculas:<\/strong> <br><br>Informa\u00e7\u00f5es e datas em: <strong><a href=\"https:\/\/novo.aeermesinde.net\/wp\/matriculas\/\" data-type=\"URL\" data-id=\"https:\/\/novo.aeermesinde.net\/wp\/matriculas\/\" target=\"_blank\" rel=\"noreferrer noopener\">(ver)<\/a><\/strong><br><br><a href=\"https:\/\/portaldasmatriculas.edu.gov.pt\/pmat\/#\/portal\/home\"><\/a><a href=\"https:\/\/portaldasmatriculas.edu.gov.pt\/pmat\/#\/portal\/home\" target=\"_blank\" rel=\"noreferrer noopener\">Portal das Matr\u00edculas (edu.gov.pt)<\/a><br><br><strong>Candidatura aos Servi\u00e7os da C\u00e2mara Municipal de Valongo:<\/strong><br><br><a href=\"https:\/\/novo.aeermesinde.net\/wp\/wp-content\/uploads\/2025\/03\/EPE-Boletim-de-candidatura-2025-2026_edit-1.pdf\" data-type=\"link\" data-id=\"https:\/\/novo.aeermesinde.net\/wp\/wp-content\/uploads\/2025\/03\/EPE-Boletim-de-candidatura-2025-2026_edit-1.pdf\">Boletim Candidatura Pr\u00e9-Escolar<\/a><br><br><strong>Legisla\u00e7\u00e3o:<\/strong><br>Orienta\u00e7\u00f5es Curriculares: <a href=\"http:\/\/www.dge.mec.pt\/orientacoes-curriculares-para-educacao-pre-escolar\"><\/a><a href=\"http:\/\/www.dge.mec.pt\/orientacoes-curriculares-para-educacao-pre-escolar\" target=\"_blank\" rel=\"noreferrer noopener\">Orienta\u00e7\u00f5es Curriculares para a Educa\u00e7\u00e3o Pr\u00e9-Escolar | Dire\u00e7\u00e3o-Geral da Educa\u00e7\u00e3o (mec.pt)<\/a><br><br><strong><a href=\"https:\/\/aeermesinde-my.sharepoint.com\/:f:\/g\/personal\/antonio_costa_aeermesinde_net\/ErMSL7hoveVMrPt_xF6uQSoBsIbRZAntLlSLE4y1xTl9Gg?e=7zek9H\" data-type=\"URL\" data-id=\"https:\/\/aeermesinde-my.sharepoint.com\/:f:\/g\/personal\/antonio_costa_aeermesinde_net\/ErMSL7hoveVMrPt_xF6uQSoBsIbRZAntLlSLE4y1xTl9Gg?e=7zek9H\" target=\"_blank\" rel=\"noreferrer noopener\">Crit\u00e9rios de Avalia\u00e7\u00e3o<\/a><\/strong><\/td><\/tr><\/tbody><\/table><\/figure>\n","protected":false},"excerpt":{"rendered":"<p>Matr\u00edculas: Informa\u00e7\u00f5es e datas em: (ver) Portal das Matr\u00edculas (edu.gov.pt) Candidatura aos Servi\u00e7os da C\u00e2mara Municipal de Valongo: Boletim Candidatura Pr\u00e9-Escolar Legisla\u00e7\u00e3o:Orienta\u00e7\u00f5es Curriculares: Orienta\u00e7\u00f5es Curriculares para a Educa\u00e7\u00e3o Pr\u00e9-Escolar | Dire\u00e7\u00e3o-Geral da Educa\u00e7\u00e3o (mec.pt) Crit\u00e9rios de Avalia\u00e7\u00e3o<\/p>\n","protected":false},"author":8,"featured_media":0,"parent":0,"menu_order":0,"comment_status":"closed","ping_status":"closed","template":"","meta":{"footnotes":""},"class_list":["post-882","page","type-page","status-publish","hentry"],"jetpack_sharing_enabled":true,"jetpack_likes_enabled":true,"_links":{"self":[{"href":"https:\/\/novo.aeermesinde.net\/wp\/wp-json\/wp\/v2\/pages\/882","targetHints":{"allow":["GET"]}}],"collection":[{"href":"https:\/\/novo.aeermesinde.net\/wp\/wp-json\/wp\/v2\/pages"}],"about":[{"href":"https:\/\/novo.aeermesinde.net\/wp\/wp-json\/wp\/v2\/types\/page"}],"author":[{"embeddable":true,"href":"https:\/\/novo.aeermesinde.net\/wp\/wp-json\/wp\/v2\/users\/8"}],"replies":[{"embeddable":true,"href":"https:\/\/novo.aeermesinde.net\/wp\/wp-json\/wp\/v2\/comments?post=882"}],"version-history":[{"count":19,"href":"https:\/\/novo.aeermesinde.net\/wp\/wp-json\/wp\/v2\/pages\/882\/revisions"}],"predecessor-version":[{"id":6706,"href":"https:\/\/novo.aeermesinde.net\/wp\/wp-json\/wp\/v2\/pages\/882\/revisions\/6706"}],"wp:attachment":[{"href":"https:\/\/novo.aeermesinde.net\/wp\/wp-json\/wp\/v2\/media?parent=882"}],"curies":[{"name":"wp","href":"https:\/\/api.w.org\/{rel}","templated":true}]}}